{"id":12357,"date":"2026-02-09T13:26:54","date_gmt":"2026-02-09T12:26:54","guid":{"rendered":"https:\/\/machn-festival.de\/?page_id=12357"},"modified":"2026-02-09T13:34:26","modified_gmt":"2026-02-09T12:34:26","slug":"fraenzi-kuehne","status":"publish","type":"page","link":"https:\/\/machn-festival.de\/en\/speaker\/fraenzi-kuehne\/","title":{"rendered":"Fr\u00e4nzi K\u00fchne"},"content":{"rendered":"<div data-elementor-type=\"wp-page\" data-elementor-id=\"12357\" class=\"elementor elementor-12357\" data-elementor-post-type=\"page\">\n\t\t\t\t\t\t<section class=\"elementor-section elementor-top-section elementor-element elementor-element-ac9e825 elementor-section-stretched elementor-section-height-min-height elementor-section-boxed elementor-section-height-default elementor-section-items-middle\" data-id=\"ac9e825\" data-element_type=\"section\" data-settings=\"{&quot;stretch_section&quot;:&quot;section-stretched&quot;,&quot;background_background&quot;:&quot;classic&quot;}\">\n\t\t\t\t\t\t\t<div class=\"elementor-background-overlay\"><\/div>\n\t\t\t\t\t\t\t<div class=\"elementor-container elementor-column-gap-extended\">\n\t\t\t\t\t<div class=\"elementor-column elementor-col-100 elementor-top-column elementor-element elementor-element-535f191\" data-id=\"535f191\" data-element_type=\"column\">\n\t\t\t<div class=\"elementor-widget-wrap elementor-element-populated\">\n\t\t\t\t\t\t<section class=\"elementor-section elementor-inner-section elementor-element elementor-element-bc37c10 elementor-section-content-middle elementor-reverse-tablet elementor-reverse-mobile elementor-section-boxed elementor-section-height-default elementor-section-height-default\" data-id=\"bc37c10\" data-element_type=\"section\">\n\t\t\t\t\t\t<div class=\"elementor-container elementor-column-gap-default\">\n\t\t\t\t\t<div class=\"elementor-column elementor-col-50 elementor-inner-column elementor-element elementor-element-f2a1fae\" data-id=\"f2a1fae\" data-element_type=\"column\">\n\t\t\t<div class=\"elementor-widget-wrap elementor-element-populated\">\n\t\t\t\t\t\t<div class=\"elementor-element elementor-element-b7ee60d elementor-widget elementor-widget-image\" data-id=\"b7ee60d\" data-element_type=\"widget\" data-widget_type=\"image.default\">\n\t\t\t\t<div class=\"elementor-widget-container\">\n\t\t\t\t\t\t\t\t\t\t\t\t\t\t\t<img fetchpriority=\"high\" decoding=\"async\" width=\"400\" height=\"400\" src=\"https:\/\/machn-festival.de\/wp-content\/uploads\/2024\/11\/10_Fraenzi-Kuehne_CDO_edding-Group_web.png\" class=\"attachment-large size-large wp-image-8870\" alt=\"\" srcset=\"https:\/\/machn-festival.de\/wp-content\/uploads\/2024\/11\/10_Fraenzi-Kuehne_CDO_edding-Group_web.png 400w, https:\/\/machn-festival.de\/wp-content\/uploads\/2024\/11\/10_Fraenzi-Kuehne_CDO_edding-Group_web-300x300.png 300w, https:\/\/machn-festival.de\/wp-content\/uploads\/2024\/11\/10_Fraenzi-Kuehne_CDO_edding-Group_web-150x150.png 150w, https:\/\/machn-festival.de\/wp-content\/uploads\/2024\/11\/10_Fraenzi-Kuehne_CDO_edding-Group_web-75x75.png 75w\" sizes=\"(max-width:767px) 400px, 400px\" \/>\t\t\t\t\t\t\t\t\t\t\t\t\t\t\t<\/div>\n\t\t\t\t<\/div>\n\t\t\t\t\t<\/div>\n\t\t<\/div>\n\t\t\t\t<div class=\"elementor-column elementor-col-50 elementor-inner-column elementor-element elementor-element-b533b38\" data-id=\"b533b38\" data-element_type=\"column\">\n\t\t\t<div class=\"elementor-widget-wrap elementor-element-populated\">\n\t\t\t\t\t\t<div class=\"elementor-element elementor-element-e90a1f0 elementor-widget elementor-widget-heading\" data-id=\"e90a1f0\" data-element_type=\"widget\" data-widget_type=\"heading.default\">\n\t\t\t\t<div class=\"elementor-widget-container\">\n\t\t\t\t\t<h2 class=\"elementor-heading-title elementor-size-default\">Fr\u00e4nzi K\u00fchne<\/h2>\t\t\t\t<\/div>\n\t\t\t\t<\/div>\n\t\t\t\t<div class=\"elementor-element elementor-element-6002e5d elementor-widget elementor-widget-text-editor\" data-id=\"6002e5d\" data-element_type=\"widget\" data-widget_type=\"text-editor.default\">\n\t\t\t\t<div class=\"elementor-widget-container\">\n\t\t\t\t\t\t\t\t\t<h4>Former Chief Digital Officer of edding AG, entrepreneur, supervisory board member &amp; author<\/h4>\t\t\t\t\t\t\t\t<\/div>\n\t\t\t\t<\/div>\n\t\t\t\t\t<\/div>\n\t\t<\/div>\n\t\t\t\t\t<\/div>\n\t\t<\/section>\n\t\t\t\t<section class=\"elementor-section elementor-inner-section elementor-element elementor-element-843af6f elementor-section-boxed elementor-section-height-default elementor-section-height-default\" data-id=\"843af6f\" data-element_type=\"section\">\n\t\t\t\t\t\t<div class=\"elementor-container elementor-column-gap-no\">\n\t\t\t\t\t<div class=\"elementor-column elementor-col-33 elementor-inner-column elementor-element elementor-element-ee2276b\" data-id=\"ee2276b\" data-element_type=\"column\">\n\t\t\t<div class=\"elementor-widget-wrap\">\n\t\t\t\t\t\t\t<\/div>\n\t\t<\/div>\n\t\t\t\t<div class=\"elementor-column elementor-col-33 elementor-inner-column elementor-element elementor-element-ea4d3f1\" data-id=\"ea4d3f1\" data-element_type=\"column\">\n\t\t\t<div class=\"elementor-widget-wrap elementor-element-populated\">\n\t\t\t\t\t\t<div class=\"elementor-element elementor-element-4fd407e elementor-widget elementor-widget-spacer\" data-id=\"4fd407e\" data-element_type=\"widget\" data-widget_type=\"spacer.default\">\n\t\t\t\t<div class=\"elementor-widget-container\">\n\t\t\t\t\t\t\t<div class=\"elementor-spacer\">\n\t\t\t<div class=\"elementor-spacer-inner\"><\/div>\n\t\t<\/div>\n\t\t\t\t\t\t<\/div>\n\t\t\t\t<\/div>\n\t\t\t\t<div class=\"elementor-element elementor-element-389d0a7 elementor-widget elementor-widget-text-editor\" data-id=\"389d0a7\" data-element_type=\"widget\" data-widget_type=\"text-editor.default\">\n\t\t\t\t<div class=\"elementor-widget-container\">\n\t\t\t\t\t\t\t\t\t<p>Fr\u00e4nzi K\u00fchne is Chief Digital Officer of edding AG, an entrepreneur, supervisory board member, and author. <br \/><br \/>As co-founder, she built one of the first social media agencies in Germany in 2008 and was part of the management team at Torben, Lucie und die gelbe Gefahr (TLGG) until 2020, with over 300 employees by then. <br \/><br \/>Since March 2022, Fr\u00e4nzi K\u00fchne has been Chief Digital Officer on the executive board at edding AG as part of a job-sharing arrangement. She was one of the youngest supervisory board members in Germany and is currently a member of the supervisory board at W\u00fcrttembergische Versicherung AG, among other roles.<br \/>Your first book, \u201eWhat Men Are Never Asked. I'll Ask Anyway,\u201c was on the Spiegel bestseller list for weeks.<br \/><br \/>She was named one of \u201840 under 40\u2019 by Capital Magazin and selected by Edition F as one of the 25 most important women of the digital future.<\/p>\t\t\t\t\t\t\t\t<\/div>\n\t\t\t\t<\/div>\n\t\t\t\t<div class=\"elementor-element elementor-element-40d3f05 elementor-shape-rounded elementor-grid-0 e-grid-align-center elementor-widget elementor-widget-social-icons\" data-id=\"40d3f05\" data-element_type=\"widget\" data-widget_type=\"social-icons.default\">\n\t\t\t\t<div class=\"elementor-widget-container\">\n\t\t\t\t\t\t\t<div class=\"elementor-social-icons-wrapper elementor-grid\" role=\"list\">\n\t\t\t\t\t\t\t<span class=\"elementor-grid-item\" role=\"listitem\">\n\t\t\t\t\t<a class=\"elementor-icon elementor-social-icon elementor-social-icon-linkedin elementor-repeater-item-b86b846\" href=\"https:\/\/www.linkedin.com\/in\/fraenzikuehne\/\" target=\"_blank\">\n\t\t\t\t\t\t<span class=\"elementor-screen-only\">Linkedin<\/span>\n\t\t\t\t\t\t<i aria-hidden=\"true\" class=\"fab fa-linkedin\"><\/i>\t\t\t\t\t<\/a>\n\t\t\t\t<\/span>\n\t\t\t\t\t\t\t<span class=\"elementor-grid-item\" role=\"listitem\">\n\t\t\t\t\t<a class=\"elementor-icon elementor-social-icon elementor-social-icon-instagram elementor-repeater-item-28906a9\" href=\"https:\/\/www.instagram.com\/effibiest\/\" target=\"_blank\">\n\t\t\t\t\t\t<span class=\"elementor-screen-only\">Instagram<\/span>\n\t\t\t\t\t\t<i aria-hidden=\"true\" class=\"fab fa-instagram\"><\/i>\t\t\t\t\t<\/a>\n\t\t\t\t<\/span>\n\t\t\t\t\t<\/div>\n\t\t\t\t\t\t<\/div>\n\t\t\t\t<\/div>\n\t\t\t\t\t<\/div>\n\t\t<\/div>\n\t\t\t\t<div class=\"elementor-column elementor-col-33 elementor-inner-column elementor-element elementor-element-06bad2c\" data-id=\"06bad2c\" data-element_type=\"column\">\n\t\t\t<div class=\"elementor-widget-wrap\">\n\t\t\t\t\t\t\t<\/div>\n\t\t<\/div>\n\t\t\t\t\t<\/div>\n\t\t<\/section>\n\t\t\t\t<section class=\"elementor-section elementor-inner-section elementor-element elementor-element-89c25f4 elementor-section-boxed elementor-section-height-default elementor-section-height-default\" data-id=\"89c25f4\" data-element_type=\"section\">\n\t\t\t\t\t\t<div class=\"elementor-container elementor-column-gap-no\">\n\t\t\t\t\t<div class=\"elementor-column elementor-col-50 elementor-inner-column elementor-element elementor-element-100d706\" data-id=\"100d706\" data-element_type=\"column\">\n\t\t\t<div class=\"elementor-widget-wrap elementor-element-populated\">\n\t\t\t\t\t\t<div class=\"elementor-element elementor-element-c35d587 elementor-widget-divider--view-line elementor-widget elementor-widget-divider\" data-id=\"c35d587\" data-element_type=\"widget\" data-widget_type=\"divider.default\">\n\t\t\t\t<div class=\"elementor-widget-container\">\n\t\t\t\t\t\t\t<div class=\"elementor-divider\">\n\t\t\t<span class=\"elementor-divider-separator\">\n\t\t\t\t\t\t<\/span>\n\t\t<\/div>\n\t\t\t\t\t\t<\/div>\n\t\t\t\t<\/div>\n\t\t\t\t\t<\/div>\n\t\t<\/div>\n\t\t\t\t<div class=\"elementor-column elementor-col-50 elementor-inner-column elementor-element elementor-element-fd32962\" data-id=\"fd32962\" data-element_type=\"column\">\n\t\t\t<div class=\"elementor-widget-wrap\">\n\t\t\t\t\t\t\t<\/div>\n\t\t<\/div>\n\t\t\t\t\t<\/div>\n\t\t<\/section>\n\t\t\t\t<section class=\"elementor-section elementor-inner-section elementor-element elementor-element-f9fdbd2 elementor-section-boxed elementor-section-height-default elementor-section-height-default\" data-id=\"f9fdbd2\" data-element_type=\"section\">\n\t\t\t\t\t\t<div class=\"elementor-container elementor-column-gap-no\">\n\t\t\t\t\t<div class=\"elementor-column elementor-col-50 elementor-inner-column elementor-element elementor-element-174b63d\" data-id=\"174b63d\" data-element_type=\"column\">\n\t\t\t<div class=\"elementor-widget-wrap elementor-element-populated\">\n\t\t\t\t\t\t<div class=\"elementor-element elementor-element-f507ca6 elementor-align-left elementor-widget__width-initial elementor-widget elementor-widget-button\" data-id=\"f507ca6\" data-element_type=\"widget\" data-widget_type=\"button.default\">\n\t\t\t\t<div class=\"elementor-widget-container\">\n\t\t\t\t\t\t\t\t\t<div class=\"elementor-button-wrapper\">\n\t\t\t\t\t<a class=\"elementor-button elementor-button-link elementor-size-lg\" href=\"https:\/\/machn-festival.de\/en\/#speakers\">\n\t\t\t\t\t\t<span class=\"elementor-button-content-wrapper\">\n\t\t\t\t\t\t\t\t\t<span class=\"elementor-button-text\">Back<\/span>\n\t\t\t\t\t<\/span>\n\t\t\t\t\t<\/a>\n\t\t\t\t<\/div>\n\t\t\t\t\t\t\t\t<\/div>\n\t\t\t\t<\/div>\n\t\t\t\t\t<\/div>\n\t\t<\/div>\n\t\t\t\t<div class=\"elementor-column elementor-col-50 elementor-inner-column elementor-element elementor-element-91c4adb\" data-id=\"91c4adb\" data-element_type=\"column\">\n\t\t\t<div class=\"elementor-widget-wrap elementor-element-populated\">\n\t\t\t\t\t\t<div class=\"elementor-element elementor-element-61b744e elementor-align-right elementor-widget__width-initial elementor-widget elementor-widget-button\" data-id=\"61b744e\" data-element_type=\"widget\" data-widget_type=\"button.default\">\n\t\t\t\t<div class=\"elementor-widget-container\">\n\t\t\t\t\t\t\t\t\t<div class=\"elementor-button-wrapper\">\n\t\t\t\t\t<a class=\"elementor-button elementor-button-link elementor-size-lg\" href=\"https:\/\/machn-festival.de\/en\/get-your-tickets-here\/\">\n\t\t\t\t\t\t<span class=\"elementor-button-content-wrapper\">\n\t\t\t\t\t\t\t\t\t<span class=\"elementor-button-text\">Buy tickets<\/span>\n\t\t\t\t\t<\/span>\n\t\t\t\t\t<\/a>\n\t\t\t\t<\/div>\n\t\t\t\t\t\t\t\t<\/div>\n\t\t\t\t<\/div>\n\t\t\t\t\t<\/div>\n\t\t<\/div>\n\t\t\t\t\t<\/div>\n\t\t<\/section>\n\t\t\t\t\t<\/div>\n\t\t<\/div>\n\t\t\t\t\t<\/div>\n\t\t<\/section>\n\t\t\t\t<\/div>","protected":false},"excerpt":{"rendered":"<p>Fr\u00e4nzi K\u00fchne ex-CDO edding AG, Unternehmerin, Aufsichtsr\u00e4tin &amp; Autorin Fr\u00e4nzi K\u00fchne ist Chief Digital Officer der edding AG, Unternehmerin, Aufsichtsr\u00e4tin und Autorin. Als Co-Gr\u00fcnderin hat sie<span class=\"excerpt-hellip\"> [\u2026]<\/span><\/p>\n","protected":false},"author":3,"featured_media":0,"parent":6091,"menu_order":0,"comment_status":"closed","ping_status":"closed","template":"","meta":{"inline_featured_image":false,"footnotes":""},"class_list":["post-12357","page","type-page","status-publish","hentry"],"yoast_head":"<!-- This site is optimized with the Yoast SEO plugin v27.2 - https:\/\/yoast.com\/product\/yoast-seo-wordpress\/ -->\n<title>Fr\u00e4nzi K\u00fchne ~ MACHN Festival<\/title>\n<meta name=\"robots\" content=\"index, follow, max-snippet:-1, max-image-preview:large, max-video-preview:-1\" \/>\n<link rel=\"canonical\" href=\"https:\/\/machn-festival.de\/en\/speaker\/fraenzi-kuehne\/\" \/>\n<meta property=\"og:locale\" content=\"en_GB\" \/>\n<meta property=\"og:type\" content=\"article\" \/>\n<meta property=\"og:title\" content=\"Fr\u00e4nzi K\u00fchne ~ MACHN Festival\" \/>\n<meta property=\"og:description\" content=\"Fr\u00e4nzi K\u00fchne ex-CDO edding AG, Unternehmerin, Aufsichtsr\u00e4tin &amp; Autorin Fr\u00e4nzi K\u00fchne ist Chief Digital Officer der edding AG, Unternehmerin, Aufsichtsr\u00e4tin und Autorin. Als Co-Gr\u00fcnderin hat sie [\u2026]\" \/>\n<meta property=\"og:url\" content=\"https:\/\/machn-festival.de\/en\/speaker\/fraenzi-kuehne\/\" \/>\n<meta property=\"og:site_name\" content=\"MACHN Festival\" \/>\n<meta property=\"article:modified_time\" content=\"2026-02-09T12:34:26+00:00\" \/>\n<meta property=\"og:image\" content=\"https:\/\/machn-festival.de\/wp-content\/uploads\/2024\/11\/10_Fraenzi-Kuehne_CDO_edding-Group_web.png\" \/>\n\t<meta property=\"og:image:width\" content=\"400\" \/>\n\t<meta property=\"og:image:height\" content=\"400\" \/>\n\t<meta property=\"og:image:type\" content=\"image\/png\" \/>\n<meta name=\"twitter:card\" content=\"summary_large_image\" \/>\n<meta name=\"twitter:label1\" content=\"Estimated reading time\" \/>\n\t<meta name=\"twitter:data1\" content=\"1 minute\" \/>\n<script type=\"application\/ld+json\" class=\"yoast-schema-graph\">{\"@context\":\"https:\/\/schema.org\",\"@graph\":[{\"@type\":\"WebPage\",\"@id\":\"https:\/\/machn-festival.de\/speaker\/fraenzi-kuehne\/\",\"url\":\"https:\/\/machn-festival.de\/speaker\/fraenzi-kuehne\/\",\"name\":\"Fr\u00e4nzi K\u00fchne ~ MACHN Festival\",\"isPartOf\":{\"@id\":\"https:\/\/machn-festival.de\/#website\"},\"primaryImageOfPage\":{\"@id\":\"https:\/\/machn-festival.de\/speaker\/fraenzi-kuehne\/#primaryimage\"},\"image\":{\"@id\":\"https:\/\/machn-festival.de\/speaker\/fraenzi-kuehne\/#primaryimage\"},\"thumbnailUrl\":\"https:\/\/machn-festival.de\/wp-content\/uploads\/2024\/11\/10_Fraenzi-Kuehne_CDO_edding-Group_web.png\",\"datePublished\":\"2026-02-09T12:26:54+00:00\",\"dateModified\":\"2026-02-09T12:34:26+00:00\",\"breadcrumb\":{\"@id\":\"https:\/\/machn-festival.de\/speaker\/fraenzi-kuehne\/#breadcrumb\"},\"inLanguage\":\"en-GB\",\"potentialAction\":[{\"@type\":\"ReadAction\",\"target\":[\"https:\/\/machn-festival.de\/speaker\/fraenzi-kuehne\/\"]}]},{\"@type\":\"ImageObject\",\"inLanguage\":\"en-GB\",\"@id\":\"https:\/\/machn-festival.de\/speaker\/fraenzi-kuehne\/#primaryimage\",\"url\":\"https:\/\/machn-festival.de\/wp-content\/uploads\/2024\/11\/10_Fraenzi-Kuehne_CDO_edding-Group_web.png\",\"contentUrl\":\"https:\/\/machn-festival.de\/wp-content\/uploads\/2024\/11\/10_Fraenzi-Kuehne_CDO_edding-Group_web.png\"},{\"@type\":\"BreadcrumbList\",\"@id\":\"https:\/\/machn-festival.de\/speaker\/fraenzi-kuehne\/#breadcrumb\",\"itemListElement\":[{\"@type\":\"ListItem\",\"position\":1,\"name\":\"Startseite\",\"item\":\"https:\/\/machn-festival.de\/\"},{\"@type\":\"ListItem\",\"position\":2,\"name\":\"Speaker\",\"item\":\"https:\/\/machn-festival.de\/speaker\/\"},{\"@type\":\"ListItem\",\"position\":3,\"name\":\"Fr\u00e4nzi K\u00fchne\"}]},{\"@type\":\"WebSite\",\"@id\":\"https:\/\/machn-festival.de\/#website\",\"url\":\"https:\/\/machn-festival.de\/\",\"name\":\"MACHN Festival\",\"description\":\"Das bessere Business-Festival\",\"publisher\":{\"@id\":\"https:\/\/machn-festival.de\/#organization\"},\"potentialAction\":[{\"@type\":\"SearchAction\",\"target\":{\"@type\":\"EntryPoint\",\"urlTemplate\":\"https:\/\/machn-festival.de\/?s={search_term_string}\"},\"query-input\":{\"@type\":\"PropertyValueSpecification\",\"valueRequired\":true,\"valueName\":\"search_term_string\"}}],\"inLanguage\":\"en-GB\"},{\"@type\":\"Organization\",\"@id\":\"https:\/\/machn-festival.de\/#organization\",\"name\":\"MACHN Festival\",\"url\":\"https:\/\/machn-festival.de\/\",\"logo\":{\"@type\":\"ImageObject\",\"inLanguage\":\"en-GB\",\"@id\":\"https:\/\/machn-festival.de\/#\/schema\/logo\/image\/\",\"url\":\"https:\/\/machn-festival.de\/wp-content\/uploads\/2025\/09\/Logo26-blck.png\",\"contentUrl\":\"https:\/\/machn-festival.de\/wp-content\/uploads\/2025\/09\/Logo26-blck.png\",\"width\":1000,\"height\":240,\"caption\":\"MACHN Festival\"},\"image\":{\"@id\":\"https:\/\/machn-festival.de\/#\/schema\/logo\/image\/\"},\"sameAs\":[\"https:\/\/www.instagram.com\/machn.festival\/\",\"https:\/\/www.linkedin.com\/company\/machn-festival\/\"]}]}<\/script>\n<!-- \/ Yoast SEO plugin. -->","yoast_head_json":{"title":"Fr\u00e4nzi K\u00fchne ~ MACHN Festival","robots":{"index":"index","follow":"follow","max-snippet":"max-snippet:-1","max-image-preview":"max-image-preview:large","max-video-preview":"max-video-preview:-1"},"canonical":"https:\/\/machn-festival.de\/en\/speaker\/fraenzi-kuehne\/","og_locale":"en_GB","og_type":"article","og_title":"Fr\u00e4nzi K\u00fchne ~ MACHN Festival","og_description":"Fr\u00e4nzi K\u00fchne ex-CDO edding AG, Unternehmerin, Aufsichtsr\u00e4tin &amp; Autorin Fr\u00e4nzi K\u00fchne ist Chief Digital Officer der edding AG, Unternehmerin, Aufsichtsr\u00e4tin und Autorin. Als Co-Gr\u00fcnderin hat sie [\u2026]","og_url":"https:\/\/machn-festival.de\/en\/speaker\/fraenzi-kuehne\/","og_site_name":"MACHN Festival","article_modified_time":"2026-02-09T12:34:26+00:00","og_image":[{"width":400,"height":400,"url":"https:\/\/machn-festival.de\/wp-content\/uploads\/2024\/11\/10_Fraenzi-Kuehne_CDO_edding-Group_web.png","type":"image\/png"}],"twitter_card":"summary_large_image","twitter_misc":{"Estimated reading time":"1 minute"},"schema":{"@context":"https:\/\/schema.org","@graph":[{"@type":"WebPage","@id":"https:\/\/machn-festival.de\/speaker\/fraenzi-kuehne\/","url":"https:\/\/machn-festival.de\/speaker\/fraenzi-kuehne\/","name":"Fr\u00e4nzi K\u00fchne ~ MACHN Festival","isPartOf":{"@id":"https:\/\/machn-festival.de\/#website"},"primaryImageOfPage":{"@id":"https:\/\/machn-festival.de\/speaker\/fraenzi-kuehne\/#primaryimage"},"image":{"@id":"https:\/\/machn-festival.de\/speaker\/fraenzi-kuehne\/#primaryimage"},"thumbnailUrl":"https:\/\/machn-festival.de\/wp-content\/uploads\/2024\/11\/10_Fraenzi-Kuehne_CDO_edding-Group_web.png","datePublished":"2026-02-09T12:26:54+00:00","dateModified":"2026-02-09T12:34:26+00:00","breadcrumb":{"@id":"https:\/\/machn-festival.de\/speaker\/fraenzi-kuehne\/#breadcrumb"},"inLanguage":"en-GB","potentialAction":[{"@type":"ReadAction","target":["https:\/\/machn-festival.de\/speaker\/fraenzi-kuehne\/"]}]},{"@type":"ImageObject","inLanguage":"en-GB","@id":"https:\/\/machn-festival.de\/speaker\/fraenzi-kuehne\/#primaryimage","url":"https:\/\/machn-festival.de\/wp-content\/uploads\/2024\/11\/10_Fraenzi-Kuehne_CDO_edding-Group_web.png","contentUrl":"https:\/\/machn-festival.de\/wp-content\/uploads\/2024\/11\/10_Fraenzi-Kuehne_CDO_edding-Group_web.png"},{"@type":"BreadcrumbList","@id":"https:\/\/machn-festival.de\/speaker\/fraenzi-kuehne\/#breadcrumb","itemListElement":[{"@type":"ListItem","position":1,"name":"Startseite","item":"https:\/\/machn-festival.de\/"},{"@type":"ListItem","position":2,"name":"Speaker","item":"https:\/\/machn-festival.de\/speaker\/"},{"@type":"ListItem","position":3,"name":"Fr\u00e4nzi K\u00fchne"}]},{"@type":"WebSite","@id":"https:\/\/machn-festival.de\/#website","url":"https:\/\/machn-festival.de\/","name":"MACHN Festival","description":"The better business festival","publisher":{"@id":"https:\/\/machn-festival.de\/#organization"},"potentialAction":[{"@type":"SearchAction","target":{"@type":"EntryPoint","urlTemplate":"https:\/\/machn-festival.de\/?s={search_term_string}"},"query-input":{"@type":"PropertyValueSpecification","valueRequired":true,"valueName":"search_term_string"}}],"inLanguage":"en-GB"},{"@type":"Organization","@id":"https:\/\/machn-festival.de\/#organization","name":"MACHN Festival","url":"https:\/\/machn-festival.de\/","logo":{"@type":"ImageObject","inLanguage":"en-GB","@id":"https:\/\/machn-festival.de\/#\/schema\/logo\/image\/","url":"https:\/\/machn-festival.de\/wp-content\/uploads\/2025\/09\/Logo26-blck.png","contentUrl":"https:\/\/machn-festival.de\/wp-content\/uploads\/2025\/09\/Logo26-blck.png","width":1000,"height":240,"caption":"MACHN Festival"},"image":{"@id":"https:\/\/machn-festival.de\/#\/schema\/logo\/image\/"},"sameAs":["https:\/\/www.instagram.com\/machn.festival\/","https:\/\/www.linkedin.com\/company\/machn-festival\/"]}]}},"_links":{"self":[{"href":"https:\/\/machn-festival.de\/en\/wp-json\/wp\/v2\/pages\/12357","targetHints":{"allow":["GET"]}}],"collection":[{"href":"https:\/\/machn-festival.de\/en\/wp-json\/wp\/v2\/pages"}],"about":[{"href":"https:\/\/machn-festival.de\/en\/wp-json\/wp\/v2\/types\/page"}],"author":[{"embeddable":true,"href":"https:\/\/machn-festival.de\/en\/wp-json\/wp\/v2\/users\/3"}],"replies":[{"embeddable":true,"href":"https:\/\/machn-festival.de\/en\/wp-json\/wp\/v2\/comments?post=12357"}],"version-history":[{"count":7,"href":"https:\/\/machn-festival.de\/en\/wp-json\/wp\/v2\/pages\/12357\/revisions"}],"predecessor-version":[{"id":12364,"href":"https:\/\/machn-festival.de\/en\/wp-json\/wp\/v2\/pages\/12357\/revisions\/12364"}],"up":[{"embeddable":true,"href":"https:\/\/machn-festival.de\/en\/wp-json\/wp\/v2\/pages\/6091"}],"wp:attachment":[{"href":"https:\/\/machn-festival.de\/en\/wp-json\/wp\/v2\/media?parent=12357"}],"curies":[{"name":"wp","href":"https:\/\/api.w.org\/{rel}","templated":true}]}}